{"id":1475,"date":"2021-03-12T15:56:03","date_gmt":"2021-03-12T14:56:03","guid":{"rendered":"https:\/\/www.rifugiocreteseche.eu\/home\/"},"modified":"2024-01-25T14:30:03","modified_gmt":"2024-01-25T13:30:03","slug":"home","status":"publish","type":"page","link":"https:\/\/www.rifugiocreteseche.eu\/en\/","title":{"rendered":"Home"},"content":{"rendered":"<p>[et_pb_section fb_built=&#8221;1&#8243; custom_padding_last_edited=&#8221;on|phone&#8221; _builder_version=&#8221;4.16&#8243; use_background_color_gradient=&#8221;on&#8221; background_color_gradient_stops=&#8221;#ffffff 0%|rgba(41,196,169,0) 100%&#8221; background_color_gradient_overlays_image=&#8221;on&#8221; background_color_gradient_start=&#8221;#ffffff&#8221; background_color_gradient_end=&#8221;rgba(41,196,169,0)&#8221; background_image=&#8221;https:\/\/www.rifugiocreteseche.eu\/wp-content\/uploads\/2020\/04\/rifugio-crete-seche-valle.jpg&#8221; background_position=&#8221;bottom_center&#8221; module_alignment=&#8221;center&#8221; custom_padding=&#8221;100px||120px||false|false&#8221; custom_padding_tablet=&#8221;&#8221; custom_padding_phone=&#8221;||60px||false|false&#8221; global_colors_info=&#8221;{}&#8221;][\/et_pb_section][et_pb_section fb_built=&#8221;1&#8243; custom_padding_last_edited=&#8221;on|phone&#8221; _builder_version=&#8221;4.16&#8243; transform_scale_tablet=&#8221;&#8221; transform_scale_phone=&#8221;&#8221; transform_scale_last_edited=&#8221;on|desktop&#8221; transform_translate_tablet=&#8221;&#8221; transform_translate_phone=&#8221;&#8221; transform_translate_last_edited=&#8221;on|phone&#8221; transform_translate_linked=&#8221;off&#8221; transform_rotate_tablet=&#8221;&#8221; transform_rotate_phone=&#8221;&#8221; transform_rotate_last_edited=&#8221;on|desktop&#8221; transform_skew_tablet=&#8221;&#8221; transform_skew_phone=&#8221;&#8221; transform_skew_last_edited=&#8221;on|desktop&#8221; transform_origin_tablet=&#8221;&#8221; transform_origin_phone=&#8221;&#8221; transform_origin_last_edited=&#8221;on|desktop&#8221; transform_styles_last_edited=&#8221;on|phone&#8221; custom_margin=&#8221;||||false|false&#8221; custom_padding=&#8221;50px||0px||false|false&#8221; custom_padding_tablet=&#8221;20px||||false|false&#8221; custom_padding_phone=&#8221;0px||||false|false&#8221; transform_styles_tablet=&#8221;&#8221; transform_styles_phone=&#8221;&#8221; global_colors_info=&#8221;{}&#8221;][et_pb_row use_custom_gutter=&#8221;on&#8221; gutter_width=&#8221;1&#8243; make_equal=&#8221;on&#8221; _builder_version=&#8221;4.16&#8243; custom_margin=&#8221;||||false|false&#8221; custom_padding=&#8221;0px||0px||true|&#8221; global_colors_info=&#8221;{}&#8221;][et_pb_column type=&#8221;4_4&#8243; _builder_version=&#8221;4.16&#8243; global_colors_info=&#8221;{}&#8221;][et_pb_text admin_label=&#8221;Rifugio Cr\u00eate S\u00e8che&#8221; _builder_version=&#8221;4.16&#8243; header_font=&#8221;|||on|||||&#8221; header_text_color=&#8221;#6c89b2&#8243; header_line_height=&#8221;75px&#8221; custom_margin=&#8221;||||false|false&#8221; header_line_height_tablet=&#8221;65px&#8221; header_line_height_phone=&#8221;&#8221; header_line_height_last_edited=&#8221;on|phone&#8221; global_colors_info=&#8221;{}&#8221;]<\/p>\n<h1 style=\"text-align: center;\">Cr\u00eate S\u00e8che Mountain Hut<\/h1>\n<p>[\/et_pb_text][et_pb_text admin_label=&#8221;2400 mt&#8221; _builder_version=&#8221;4.16&#8243; header_3_text_color=&#8221;#666666&#8243; max_width=&#8221;600px&#8221; module_alignment=&#8221;center&#8221; custom_margin=&#8221;||15px||false|false&#8221; global_colors_info=&#8221;{}&#8221;]<\/p>\n<h3 style=\"text-align: center;\">2400 mt<\/h3>\n<p>[\/et_pb_text][et_pb_divider color=&#8221;#3D594B&#8221; _builder_version=&#8221;4.16&#8243; width=&#8221;33%&#8221; module_alignment=&#8221;center&#8221; custom_margin=&#8221;||0px||false|false&#8221; animation_style=&#8221;slide&#8221; animation_direction=&#8221;bottom&#8221; locked=&#8221;on&#8221; global_colors_info=&#8221;{}&#8221;][\/et_pb_divider][et_pb_text _builder_version=&#8221;4.16&#8243; text_font=&#8221;Montserrat|300||on|||||&#8221; text_font_size=&#8221;21px&#8221; header_3_text_color=&#8221;#555555&#8243; max_width=&#8221;450px&#8221; module_alignment=&#8221;center&#8221; custom_margin=&#8221;||0px||false|false&#8221; global_colors_info=&#8221;{}&#8221;]<\/p>\n<p style=\"text-align: center;\">Since 2020, the Barailler family<strong><br \/><\/strong>and its young and dynamic staff<br \/>welcome you to the mountain hut!<\/p>\n<p>[\/et_pb_text][\/et_pb_column][\/et_pb_row][\/et_pb_section][et_pb_section fb_built=&#8221;1&#8243; fullwidth=&#8221;on&#8221; _builder_version=&#8221;4.16&#8243; transform_scale_tablet=&#8221;&#8221; transform_scale_phone=&#8221;&#8221; transform_scale_last_edited=&#8221;on|desktop&#8221; transform_scale_linked=&#8221;off&#8221; transform_translate_tablet=&#8221;&#8221; transform_translate_phone=&#8221;&#8221; transform_translate_last_edited=&#8221;on|phone&#8221; transform_translate_linked=&#8221;off&#8221; transform_rotate_tablet=&#8221;&#8221; transform_rotate_phone=&#8221;&#8221; transform_rotate_last_edited=&#8221;on|desktop&#8221; transform_skew_tablet=&#8221;&#8221; transform_skew_phone=&#8221;&#8221; transform_skew_last_edited=&#8221;on|desktop&#8221; transform_origin_tablet=&#8221;&#8221; transform_origin_phone=&#8221;&#8221; transform_origin_last_edited=&#8221;on|desktop&#8221; transform_styles_last_edited=&#8221;on|phone&#8221; custom_margin=&#8221;||||false|false&#8221; custom_padding=&#8221;||||false|false&#8221; bottom_divider_style=&#8221;graph4&#8243; bottom_divider_color=&#8221;#ffffff&#8221; bottom_divider_height=&#8221;50px&#8221; bottom_divider_style_tablet=&#8221;&#8221; bottom_divider_style_phone=&#8221;&#8221; bottom_divider_style_last_edited=&#8221;on|phone&#8221; bottom_divider_height_tablet=&#8221;10px&#8221; bottom_divider_height_phone=&#8221;&#8221; bottom_divider_height_last_edited=&#8221;on|phone&#8221; transform_styles_tablet=&#8221;&#8221; transform_styles_phone=&#8221;&#8221; locked=&#8221;on&#8221; global_colors_info=&#8221;{}&#8221;][et_pb_fullwidth_image src=&#8221;https:\/\/www.rifugiocreteseche.eu\/wp-content\/uploads\/2020\/05\/rifugio-crete-seche-bionaz.jpg&#8221; alt=&#8221;Mountain hut Cr\u00eate S\u00e8che &#8211; Bionaz&#8221; title_text=&#8221;Mountain hut Cr\u00eate S\u00e8che &#8211; Bionaz&#8221; _builder_version=&#8221;4.16&#8243; global_colors_info=&#8221;{}&#8221;][\/et_pb_fullwidth_image][\/et_pb_section][et_pb_section fb_built=&#8221;1&#8243; module_id=&#8221;bionaz&#8221; _builder_version=&#8221;4.16&#8243; background_enable_color=&#8221;off&#8221; transform_scale_linked=&#8221;off&#8221; transform_translate_linked=&#8221;off&#8221; custom_margin=&#8221;||||false|false&#8221; custom_padding=&#8221;100px||100px||true|false&#8221; bottom_divider_color=&#8221;#ffffff&#8221; global_colors_info=&#8221;{}&#8221;][et_pb_row use_custom_gutter=&#8221;on&#8221; gutter_width=&#8221;1&#8243; make_equal=&#8221;on&#8221; _builder_version=&#8221;4.16&#8243; custom_margin=&#8221;||||false|false&#8221; custom_padding=&#8221;0px||0px||true|&#8221; global_colors_info=&#8221;{}&#8221;][et_pb_column type=&#8221;4_4&#8243; _builder_version=&#8221;4.16&#8243; global_colors_info=&#8221;{}&#8221;][et_pb_text admin_label=&#8221;VISTA MOZZAFIATO SU bionaz&#8221; _builder_version=&#8221;4.16&#8243; header_2_text_color=&#8221;#3D594B&#8221; global_colors_info=&#8221;{}&#8221;]<\/p>\n<h2 style=\"text-align: center;\">BREATHTAKING VIEW<br \/>OVER <strong>bionaz<\/strong><\/h2>\n<p>[\/et_pb_text][et_pb_text _builder_version=&#8221;4.16&#8243; background_enable_color=&#8221;off&#8221; max_width=&#8221;900px&#8221; module_alignment=&#8221;center&#8221; custom_margin=&#8221;20px||100px||false|false&#8221; custom_padding=&#8221;||||true|true&#8221; global_colors_info=&#8221;{}&#8221;]<\/p>\n<p style=\"text-align: center;\"><strong>The Cr\u00eate S\u00e8che mountain<\/strong> hut is located 2,410 meters above sea level and boasts breathtaking views over the Bionaz valley: it is surrounded by the stunning Costiera dell\u2019Aroletta and the long mountain chain that starts from Mont Cr\u00eate S\u00e8che, both characteristic for their jagged peaks. Starting point for climbing and mountaineering lovers in the summer season and ski mountaineering paradise in the winter, the mountain hut is also an ideal destination for hikers and families, being easily accessible with a two-hour walk.<\/p>\n<p style=\"text-align: center;\">Belonging to the Aosta CAI section, the first manager of the Cr\u00eate S\u00e8che mountain hut was Ettore Bionaz, a well-known mountain guide and Sophie&#8217;s grandfather who has been managing the refuge since June 2020.<\/p>\n<p>[\/et_pb_text][et_pb_image src=&#8221;https:\/\/www.rifugiocreteseche.eu\/wp-content\/uploads\/2020\/05\/morion-bionaz.jpg&#8221; alt=&#8221;Mountain hut Cr\u00eate S\u00e8che &#8211; Bionaz&#8221; title_text=&#8221;Mountain hut Cr\u00eate S\u00e8che &#8211; Bionaz&#8221; _builder_version=&#8221;4.16&#8243; max_width=&#8221;700px&#8221; module_alignment=&#8221;center&#8221; custom_margin=&#8221;50px||||false|false&#8221; global_colors_info=&#8221;{}&#8221;][\/et_pb_image][\/et_pb_column][\/et_pb_row][\/et_pb_section][et_pb_section fb_built=&#8221;1&#8243; _builder_version=&#8221;4.16&#8243; background_enable_color=&#8221;off&#8221; transform_scale_linked=&#8221;off&#8221; transform_translate_linked=&#8221;off&#8221; custom_margin=&#8221;||||false|false&#8221; custom_padding=&#8221;0px||0px||false|false&#8221; bottom_divider_style=&#8221;mountains2&#8243; bottom_divider_color=&#8221;#ffffff&#8221; global_colors_info=&#8221;{}&#8221;][et_pb_row column_structure=&#8221;1_2,1_2&#8243; use_custom_gutter=&#8221;on&#8221; gutter_width=&#8221;1&#8243; make_equal=&#8221;on&#8221; _builder_version=&#8221;4.16&#8243; width=&#8221;100%&#8221; max_width=&#8221;2560px&#8221; custom_margin=&#8221;0px|auto||auto|false|false&#8221; custom_padding=&#8221;0px||0px||false|false&#8221; global_colors_info=&#8221;{}&#8221;][et_pb_column type=&#8221;1_2&#8243; _builder_version=&#8221;4.16&#8243; background_image=&#8221;https:\/\/www.rifugiocreteseche.eu\/wp-content\/uploads\/2020\/05\/famiglia-storia.jpg&#8221; custom_padding=&#8221;100px||100px||true|false&#8221; global_colors_info=&#8221;{}&#8221;][et_pb_divider show_divider=&#8221;off&#8221; admin_label=&#8221;IMM da cambiare su COLONNA 1 SFONDO VERDE&#8221; _builder_version=&#8221;4.4.3&#8243; locked=&#8221;on&#8221;][\/et_pb_divider][\/et_pb_column][et_pb_column type=&#8221;1_2&#8243; _builder_version=&#8221;4.16&#8243; background_color=&#8221;#f9bc52&#8243; transform_translate_linked=&#8221;off&#8221; transform_skew_linked=&#8221;off&#8221; custom_padding=&#8221;100px|75px|140px|75px|false|true&#8221; custom_padding_tablet=&#8221;&#8221; custom_padding_phone=&#8221;75px|35px|75px|35px|true|true&#8221; custom_padding_last_edited=&#8221;on|phone&#8221; global_colors_info=&#8221;{}&#8221;][et_pb_text admin_label=&#8221;Gestione familiare&#8221; _builder_version=&#8221;4.16&#8243; header_2_text_color=&#8221;#000000&#8243; global_colors_info=&#8221;{}&#8221;]<\/p>\n<h2>OUR <strong>FAMILY<\/strong><\/h2>\n<p>[\/et_pb_text][et_pb_text admin_label=&#8221;montanari da generazioni&#8221; _builder_version=&#8221;4.16&#8243; header_3_text_color=&#8221;#000000&#8243; max_width=&#8221;600px&#8221; module_alignment=&#8221;left&#8221; global_colors_info=&#8221;{}&#8221;]<\/p>\n<h3 style=\"text-align: left;\">mountaineers for generations<\/h3>\n<p>[\/et_pb_text][et_pb_text _builder_version=&#8221;4.16&#8243; background_enable_color=&#8221;off&#8221; max_width=&#8221;500px&#8221; module_alignment=&#8221;left&#8221; custom_margin=&#8221;35px||||false|false&#8221; custom_padding=&#8221;||||true|true&#8221; global_colors_info=&#8221;{}&#8221;]<\/p>\n<p>Our large family consists of mom Claudia, dad Alberto and their four daughters: Daisy, Sophie, Martina and Kristel. Our family has always been passionate about the mountains and it has always worked in the field of tourism.<\/p>\n<p>[\/et_pb_text][et_pb_button button_url=&#8221;@ET-DC@eyJkeW5hbWljIjp0cnVlLCJjb250ZW50IjoicG9zdF9saW5rX3VybF9wYWdlIiwic2V0dGluZ3MiOnsicG9zdF9pZCI6IjcxNiJ9fQ==@&#8221; button_text=&#8221;The staff&#8221; _builder_version=&#8221;4.24.0&#8243; _module_preset=&#8221;default&#8221; custom_button=&#8221;on&#8221; button_text_size=&#8221;16px&#8221; button_text_color=&#8221;#000000&#8243; button_border_width=&#8221;1px&#8221; button_border_radius=&#8221;0px&#8221; button_use_icon=&#8221;off&#8221; custom_margin=&#8221;50px||||false|false&#8221; hover_enabled=&#8221;0&#8243; global_colors_info=&#8221;{}&#8221; _dynamic_attributes=&#8221;button_url&#8221; sticky_enabled=&#8221;0&#8243;][\/et_pb_button][\/et_pb_column][\/et_pb_row][\/et_pb_section][et_pb_section fb_built=&#8221;1&#8243; module_id=&#8221;servizi&#8221; _builder_version=&#8221;4.16&#8243; background_enable_color=&#8221;off&#8221; transform_scale_linked=&#8221;off&#8221; transform_translate_linked=&#8221;off&#8221; custom_margin=&#8221;||||false|false&#8221; custom_padding=&#8221;0px||0px||false|false&#8221; bottom_divider_color=&#8221;#ffffff&#8221; global_colors_info=&#8221;{}&#8221;][et_pb_row column_structure=&#8221;1_2,1_2&#8243; use_custom_gutter=&#8221;on&#8221; gutter_width=&#8221;1&#8243; make_equal=&#8221;on&#8221; _builder_version=&#8221;4.16&#8243; width=&#8221;100%&#8221; max_width=&#8221;2560px&#8221; custom_margin_tablet=&#8221;&#8221; custom_margin_phone=&#8221;&#8221; custom_margin_last_edited=&#8221;on|desktop&#8221; custom_padding=&#8221;0px||0px||true|false&#8221; global_colors_info=&#8221;{}&#8221;][et_pb_column type=&#8221;1_2&#8243; module_id=&#8221;stagioni&#8221; _builder_version=&#8221;4.16&#8243; background_enable_color=&#8221;off&#8221; background_color_gradient_direction=&#8221;168deg&#8221; background_enable_image=&#8221;off&#8221; background_size=&#8221;contain&#8221; background_position=&#8221;bottom_center&#8221; custom_padding=&#8221;100px|50px|100px|50px|false|true&#8221; custom_padding_tablet=&#8221;50px||50px||true|true&#8221; custom_padding_phone=&#8221;&#8221; custom_padding_last_edited=&#8221;on|tablet&#8221; global_colors_info=&#8221;{}&#8221;][et_pb_image src=&#8221;https:\/\/www.rifugiocreteseche.eu\/wp-content\/uploads\/2020\/05\/rifugio.jpg&#8221; alt=&#8221;Bionaz &#8211; Summer&#8221; title_text=&#8221;Bionaz &#8211; Summer&#8221; _builder_version=&#8221;4.16&#8243; max_width=&#8221;400px&#8221; module_alignment=&#8221;right&#8221; custom_margin=&#8221;||50px||false|false&#8221; global_colors_info=&#8221;{}&#8221;][\/et_pb_image][et_pb_text admin_label=&#8221;Estate e autunno&#8221; _builder_version=&#8221;4.16&#8243; header_2_text_color=&#8221;#3D5A49&#8243; header_3_text_color=&#8221;#ffffff&#8221; global_colors_info=&#8221;{}&#8221;]<\/p>\n<h2 style=\"text-align: right;\">Summer<br \/>and autumn<\/h2>\n<p>[\/et_pb_text][et_pb_divider color=&#8221;#3d5a49&#8243; _builder_version=&#8221;4.16&#8243; width=&#8221;50%&#8221; module_alignment=&#8221;right&#8221; custom_margin=&#8221;||0px||false|false&#8221; animation_style=&#8221;slide&#8221; animation_direction=&#8221;bottom&#8221; locked=&#8221;on&#8221; global_colors_info=&#8221;{}&#8221;][\/et_pb_divider][et_pb_text _builder_version=&#8221;4.16&#8243; background_enable_color=&#8221;off&#8221; max_width=&#8221;500px&#8221; module_alignment=&#8221;right&#8221; custom_margin=&#8221;||0px||false|false&#8221; custom_padding=&#8221;||||true|true&#8221; global_colors_info=&#8221;{}&#8221;]<\/p>\n<p style=\"text-align: right;\">Our facility is an ideal base for <strong>mountaineering<\/strong> and <strong>climbing<\/strong> enthusiasts, but also a great destination for families and hiking fans.<\/p>\n<p>[\/et_pb_text][\/et_pb_column][et_pb_column type=&#8221;1_2&#8243; module_id=&#8221;stagioni&#8221; _builder_version=&#8221;4.16&#8243; background_color=&#8221;#FFFFFF&#8221; background_color_gradient_direction=&#8221;168deg&#8221; background_enable_image=&#8221;off&#8221; background_size=&#8221;contain&#8221; background_position=&#8221;bottom_center&#8221; custom_padding=&#8221;100px|50px|100px|50px|false|true&#8221; custom_padding_tablet=&#8221;50px||50px||true|true&#8221; custom_padding_phone=&#8221;&#8221; custom_padding_last_edited=&#8221;on|tablet&#8221; background_color_tablet=&#8221;#f9f9f9&#8243; background_last_edited=&#8221;on|tablet&#8221; background_enable_color_tablet=&#8221;on&#8221; global_colors_info=&#8221;{}&#8221;][et_pb_image src=&#8221;https:\/\/www.rifugiocreteseche.eu\/wp-content\/uploads\/2020\/05\/winter.jpg&#8221; alt=&#8221;Bionaz &#8211; Winter&#8221; title_text=&#8221;Bionaz &#8211; Winter&#8221; _builder_version=&#8221;4.16&#8243; max_width=&#8221;400px&#8221; custom_margin=&#8221;||50px||false|false&#8221; global_colors_info=&#8221;{}&#8221;][\/et_pb_image][et_pb_text admin_label=&#8221;PRIMAVERA E INVERNO&#8221; _builder_version=&#8221;4.16&#8243; header_2_text_color=&#8221;#213955&#8243; header_3_text_color=&#8221;#ffffff&#8221; global_colors_info=&#8221;{}&#8221;]<\/p>\n<h2>SPRING<br \/>AND WINTER<\/h2>\n<p>[\/et_pb_text][et_pb_divider _builder_version=&#8221;4.16&#8243; width=&#8221;50%&#8221; module_alignment=&#8221;left&#8221; custom_margin=&#8221;||0px||false|false&#8221; animation_style=&#8221;slide&#8221; animation_direction=&#8221;bottom&#8221; locked=&#8221;on&#8221; global_colors_info=&#8221;{}&#8221;][\/et_pb_divider][et_pb_text _builder_version=&#8221;4.16&#8243; background_enable_color=&#8221;off&#8221; max_width=&#8221;500px&#8221; module_alignment=&#8221;left&#8221; custom_margin=&#8221;4px||0px||false|false&#8221; custom_padding=&#8221;||||true|true&#8221; global_colors_info=&#8221;{}&#8221;]<\/p>\n<p>In the realm of <strong>ski mountaineering<\/strong>, the Cr\u00eate S\u00e8che mountain hut is a reference point for countless trips, from the most classic to the most demanding crossings.<\/p>\n<p>[\/et_pb_text][\/et_pb_column][\/et_pb_row][\/et_pb_section][et_pb_section fb_built=&#8221;1&#8243; disabled_on=&#8221;off|off|off&#8221; _builder_version=&#8221;4.16&#8243; custom_padding=&#8221;0px||90px||false|&#8221; global_colors_info=&#8221;{}&#8221;][et_pb_row use_custom_gutter=&#8221;on&#8221; gutter_width=&#8221;2&#8243; _builder_version=&#8221;4.16&#8243; custom_padding=&#8221;0px||0px||true|&#8221; global_colors_info=&#8221;{}&#8221;][et_pb_column type=&#8221;4_4&#8243; _builder_version=&#8221;4.16&#8243; global_colors_info=&#8221;{}&#8221;][et_pb_text admin_label=&#8221;VISTA MOZZAFIATO SU bionaz&#8221; _builder_version=&#8221;4.16&#8243; header_2_text_color=&#8221;#3D594B&#8221; global_colors_info=&#8221;{}&#8221;]<\/p>\n<h2 style=\"text-align: center;\"><strong>Outdoor activities <\/strong>at the mountain hut<strong><br \/><\/strong><\/h2>\n<p>[\/et_pb_text][et_pb_filterable_portfolio fullwidth=&#8221;off&#8221; posts_number=&#8221;4&#8243; show_categories=&#8221;off&#8221; _builder_version=&#8221;4.16&#8243; title_level=&#8221;h3&#8243; text_orientation=&#8221;center&#8221; global_colors_info=&#8221;{}&#8221;][\/et_pb_filterable_portfolio][\/et_pb_column][\/et_pb_row][\/et_pb_section][et_pb_section fb_built=&#8221;1&#8243; module_id=&#8221;servizi&#8221; _builder_version=&#8221;4.16&#8243; background_enable_color=&#8221;off&#8221; transform_scale_linked=&#8221;off&#8221; transform_translate_linked=&#8221;off&#8221; custom_margin=&#8221;||||false|false&#8221; custom_padding=&#8221;0px||0px||false|false&#8221; bottom_divider_color=&#8221;#ffffff&#8221; global_colors_info=&#8221;{}&#8221;][et_pb_row use_custom_gutter=&#8221;on&#8221; gutter_width=&#8221;1&#8243; _builder_version=&#8221;4.16&#8243; _module_preset=&#8221;default&#8221; custom_margin=&#8221;||100px||false|false&#8221; custom_padding=&#8221;50px||0px|||&#8221; border_width_top=&#8221;1px&#8221; locked=&#8221;off&#8221; global_colors_info=&#8221;{}&#8221;][et_pb_column type=&#8221;4_4&#8243; _builder_version=&#8221;4.16&#8243; _module_preset=&#8221;default&#8221; global_colors_info=&#8221;{}&#8221;][et_pb_gallery gallery_ids=&#8221;1310,1256,1258,1298,1264,1270,1262,1300&#8243; posts_number=&#8221;8&#8243; dbdb_version=&#8221;3.5.0&#8243; show_title_and_caption=&#8221;off&#8221; show_pagination=&#8221;off&#8221; hover_overlay_color=&#8221;rgba(255,255,255,0.66)&#8221; _builder_version=&#8221;4.9.2&#8243; border_width_all_image=&#8221;2px&#8221; border_color_all_image=&#8221;#ffffff&#8221;][\/et_pb_gallery][\/et_pb_column][\/et_pb_row][\/et_pb_section]<\/p>\n","protected":false},"excerpt":{"rendered":"<p>Cr\u00eate S\u00e8che Mountain Hut2400 mtSince 2020, the Barailler familyand its young and dynamic staffwelcome you to the mountain hut!BREATHTAKING VIEWOVER bionazThe Cr\u00eate S\u00e8che mountain hut is located 2,410 meters above sea level and boasts breathtaking views over the Bionaz valley: it is surrounded by the stunning Costiera dell\u2019Aroletta and the long mountain chain that starts [&hellip;]<\/p>\n","protected":false},"author":1,"featured_media":0,"parent":0,"menu_order":0,"comment_status":"closed","ping_status":"closed","template":"","meta":{"_et_pb_use_builder":"on","_et_pb_old_content":"","_et_gb_content_width":"","footnotes":""},"class_list":["post-1475","page","type-page","status-publish","hentry"],"yoast_head":"<!-- This site is optimized with the Yoast SEO plugin v26.1 - https:\/\/yoast.com\/wordpress\/plugins\/seo\/ -->\n<title>Cr\u00eate S\u00e8che Mountain Hut | 2400 m | Bionaz, Aosta Valley<\/title>\n<meta name=\"description\" content=\"The Cr\u00eate S\u00e8che mountain hut is located 2,410 meters above sea level and boasts breathtaking views over the Bionaz valley: it is surrounded by the stunning ...\" \/>\n<meta name=\"robots\" content=\"index, follow, max-snippet:-1, max-image-preview:large, max-video-preview:-1\" \/>\n<link rel=\"canonical\" href=\"https:\/\/www.rifugiocreteseche.eu\/en\/\" \/>\n<meta property=\"og:locale\" content=\"en_US\" \/>\n<meta property=\"og:type\" content=\"article\" \/>\n<meta property=\"og:title\" content=\"Cr\u00eate S\u00e8che Mountain Hut | 2400 m | Bionaz, Aosta Valley\" \/>\n<meta property=\"og:description\" content=\"The Cr\u00eate S\u00e8che mountain hut is located 2,410 meters above sea level and boasts breathtaking views over the Bionaz valley: it is surrounded by the stunning ...\" \/>\n<meta property=\"og:url\" content=\"https:\/\/www.rifugiocreteseche.eu\/en\/\" \/>\n<meta property=\"og:site_name\" content=\"Rifugio Cr\u00eate S\u00e8che\" \/>\n<meta property=\"article:modified_time\" content=\"2024-01-25T13:30:03+00:00\" \/>\n<meta name=\"twitter:card\" content=\"summary_large_image\" \/>\n<meta name=\"twitter:label1\" content=\"Est. reading time\" \/>\n\t<meta name=\"twitter:data1\" content=\"10 minutes\" \/>\n<script type=\"application\/ld+json\" class=\"yoast-schema-graph\">{\"@context\":\"https:\/\/schema.org\",\"@graph\":[{\"@type\":\"WebPage\",\"@id\":\"https:\/\/www.rifugiocreteseche.eu\/en\/\",\"url\":\"https:\/\/www.rifugiocreteseche.eu\/en\/\",\"name\":\"Cr\u00eate S\u00e8che Mountain Hut | 2400 m | Bionaz, Aosta Valley\",\"isPartOf\":{\"@id\":\"https:\/\/www.rifugiocreteseche.eu\/en\/#website\"},\"datePublished\":\"2021-03-12T14:56:03+00:00\",\"dateModified\":\"2024-01-25T13:30:03+00:00\",\"description\":\"The Cr\u00eate S\u00e8che mountain hut is located 2,410 meters above sea level and boasts breathtaking views over the Bionaz valley: it is surrounded by the stunning ...\",\"breadcrumb\":{\"@id\":\"https:\/\/www.rifugiocreteseche.eu\/en\/#breadcrumb\"},\"inLanguage\":\"en-US\",\"potentialAction\":[{\"@type\":\"ReadAction\",\"target\":[\"https:\/\/www.rifugiocreteseche.eu\/en\/\"]}]},{\"@type\":\"BreadcrumbList\",\"@id\":\"https:\/\/www.rifugiocreteseche.eu\/en\/#breadcrumb\",\"itemListElement\":[{\"@type\":\"ListItem\",\"position\":1,\"name\":\"Home\",\"item\":\"https:\/\/www.rifugiocreteseche.eu\/en\/\"},{\"@type\":\"ListItem\",\"position\":2,\"name\":\"Home\"}]},{\"@type\":\"WebSite\",\"@id\":\"https:\/\/www.rifugiocreteseche.eu\/en\/#website\",\"url\":\"https:\/\/www.rifugiocreteseche.eu\/en\/\",\"name\":\"Rifugio Cr\u00eate S\u00e8che\",\"description\":\"2400 metri - Bionaz\",\"potentialAction\":[{\"@type\":\"SearchAction\",\"target\":{\"@type\":\"EntryPoint\",\"urlTemplate\":\"https:\/\/www.rifugiocreteseche.eu\/en\/?s={search_term_string}\"},\"query-input\":{\"@type\":\"PropertyValueSpecification\",\"valueRequired\":true,\"valueName\":\"search_term_string\"}}],\"inLanguage\":\"en-US\"}]}<\/script>\n<!-- \/ Yoast SEO plugin. -->","yoast_head_json":{"title":"Cr\u00eate S\u00e8che Mountain Hut | 2400 m | Bionaz, Aosta Valley","description":"The Cr\u00eate S\u00e8che mountain hut is located 2,410 meters above sea level and boasts breathtaking views over the Bionaz valley: it is surrounded by the stunning ...","robots":{"index":"index","follow":"follow","max-snippet":"max-snippet:-1","max-image-preview":"max-image-preview:large","max-video-preview":"max-video-preview:-1"},"canonical":"https:\/\/www.rifugiocreteseche.eu\/en\/","og_locale":"en_US","og_type":"article","og_title":"Cr\u00eate S\u00e8che Mountain Hut | 2400 m | Bionaz, Aosta Valley","og_description":"The Cr\u00eate S\u00e8che mountain hut is located 2,410 meters above sea level and boasts breathtaking views over the Bionaz valley: it is surrounded by the stunning ...","og_url":"https:\/\/www.rifugiocreteseche.eu\/en\/","og_site_name":"Rifugio Cr\u00eate S\u00e8che","article_modified_time":"2024-01-25T13:30:03+00:00","twitter_card":"summary_large_image","twitter_misc":{"Est. reading time":"10 minutes"},"schema":{"@context":"https:\/\/schema.org","@graph":[{"@type":"WebPage","@id":"https:\/\/www.rifugiocreteseche.eu\/en\/","url":"https:\/\/www.rifugiocreteseche.eu\/en\/","name":"Cr\u00eate S\u00e8che Mountain Hut | 2400 m | Bionaz, Aosta Valley","isPartOf":{"@id":"https:\/\/www.rifugiocreteseche.eu\/en\/#website"},"datePublished":"2021-03-12T14:56:03+00:00","dateModified":"2024-01-25T13:30:03+00:00","description":"The Cr\u00eate S\u00e8che mountain hut is located 2,410 meters above sea level and boasts breathtaking views over the Bionaz valley: it is surrounded by the stunning ...","breadcrumb":{"@id":"https:\/\/www.rifugiocreteseche.eu\/en\/#breadcrumb"},"inLanguage":"en-US","potentialAction":[{"@type":"ReadAction","target":["https:\/\/www.rifugiocreteseche.eu\/en\/"]}]},{"@type":"BreadcrumbList","@id":"https:\/\/www.rifugiocreteseche.eu\/en\/#breadcrumb","itemListElement":[{"@type":"ListItem","position":1,"name":"Home","item":"https:\/\/www.rifugiocreteseche.eu\/en\/"},{"@type":"ListItem","position":2,"name":"Home"}]},{"@type":"WebSite","@id":"https:\/\/www.rifugiocreteseche.eu\/en\/#website","url":"https:\/\/www.rifugiocreteseche.eu\/en\/","name":"Rifugio Cr\u00eate S\u00e8che","description":"2400 metri - Bionaz","potentialAction":[{"@type":"SearchAction","target":{"@type":"EntryPoint","urlTemplate":"https:\/\/www.rifugiocreteseche.eu\/en\/?s={search_term_string}"},"query-input":{"@type":"PropertyValueSpecification","valueRequired":true,"valueName":"search_term_string"}}],"inLanguage":"en-US"}]}},"_links":{"self":[{"href":"https:\/\/www.rifugiocreteseche.eu\/en\/wp-json\/wp\/v2\/pages\/1475","targetHints":{"allow":["GET"]}}],"collection":[{"href":"https:\/\/www.rifugiocreteseche.eu\/en\/wp-json\/wp\/v2\/pages"}],"about":[{"href":"https:\/\/www.rifugiocreteseche.eu\/en\/wp-json\/wp\/v2\/types\/page"}],"author":[{"embeddable":true,"href":"https:\/\/www.rifugiocreteseche.eu\/en\/wp-json\/wp\/v2\/users\/1"}],"replies":[{"embeddable":true,"href":"https:\/\/www.rifugiocreteseche.eu\/en\/wp-json\/wp\/v2\/comments?post=1475"}],"version-history":[{"count":6,"href":"https:\/\/www.rifugiocreteseche.eu\/en\/wp-json\/wp\/v2\/pages\/1475\/revisions"}],"predecessor-version":[{"id":1494,"href":"https:\/\/www.rifugiocreteseche.eu\/en\/wp-json\/wp\/v2\/pages\/1475\/revisions\/1494"}],"wp:attachment":[{"href":"https:\/\/www.rifugiocreteseche.eu\/en\/wp-json\/wp\/v2\/media?parent=1475"}],"curies":[{"name":"wp","href":"https:\/\/api.w.org\/{rel}","templated":true}]}}